{"id":158,"date":"2023-09-16T12:17:27","date_gmt":"2023-09-16T12:17:27","guid":{"rendered":"https:\/\/los20pilares.com\/?page_id=158"},"modified":"2023-12-18T12:54:15","modified_gmt":"2023-12-18T12:54:15","slug":"tarifas-y-precios","status":"publish","type":"page","link":"https:\/\/los20pilares.com\/index.php\/tarifas-y-precios\/","title":{"rendered":"Tarifas y Precios"},"content":{"rendered":"<p>[et_pb_section fb_built=\u00bb1&#8243; admin_label=\u00bbHeader\u00bb _builder_version=\u00bb4.16&#8243; background_image=\u00bbhttps:\/\/los20pilares.com\/wp-content\/uploads\/2023\/09\/notary-07.jpg\u00bb parallax=\u00bbon\u00bb custom_margin=\u00bb|||\u00bb custom_padding=\u00bb12vw|0px|0|0px|false|false\u00bb global_colors_info=\u00bb{}\u00bb][et_pb_row column_structure=\u00bb2_3,1_3&#8243; padding_top_bottom_link_1=\u00bbfalse\u00bb padding_left_right_link_1=\u00bbtrue\u00bb _builder_version=\u00bb4.16&#8243; background_size=\u00bbinitial\u00bb background_position=\u00bbtop_left\u00bb background_repeat=\u00bbrepeat\u00bb max_width=\u00bb1160px\u00bb custom_margin=\u00bb|||||false\u00bb custom_padding=\u00bb27px|0px|0|0px|false|false\u00bb use_custom_width=\u00bbon\u00bb custom_width_px=\u00bb1160px\u00bb global_colors_info=\u00bb{}\u00bb][et_pb_column type=\u00bb2_3&#8243; _builder_version=\u00bb4.16&#8243; background_color=\u00bb#ffffff\u00bb custom_padding=\u00bb40px|40px|0px|40px\u00bb global_colors_info=\u00bb{}\u00bb custom_padding__hover=\u00bb|||\u00bb][et_pb_text _builder_version=\u00bb4.22.1&#8243; text_font=\u00bb||||||||\u00bb ul_font=\u00bb||||||||\u00bb ol_font=\u00bb||||||||\u00bb header_font=\u00bbPlayfair Display|700|||||||\u00bb header_font_size=\u00bb48px\u00bb header_line_height=\u00bb1.5em\u00bb header_2_font=\u00bb||||||||\u00bb header_3_font=\u00bbRubik|500||on|||||\u00bb header_3_text_color=\u00bb#098cf2&#8243; header_3_font_size=\u00bb14px\u00bb header_3_letter_spacing=\u00bb2px\u00bb header_3_line_height=\u00bb2em\u00bb header_4_font=\u00bb||||||||\u00bb header_5_font=\u00bb||||||||\u00bb header_6_font=\u00bb||||||||\u00bb header_font_size_tablet=\u00bb38px\u00bb header_font_size_phone=\u00bb28px\u00bb header_font_size_last_edited=\u00bbon|phone\u00bb locked=\u00bboff\u00bb global_colors_info=\u00bb{}\u00bb]<\/p>\n<h3>Precios actualizados a\u00f1o 2023<\/h3>\n<h1 class=\"text-align-center\">Tarifas y Precios<\/h1>\n<h1 class=\"text-align-center\">\u00abCasa Rural<\/h1>\n<h1 class=\"text-align-center\">Los 20 Pilares\u00bb<\/h1>\n<p>&nbsp;<\/p>\n<p>[\/et_pb_text][\/et_pb_column][et_pb_column type=\u00bb1_3&#8243; _builder_version=\u00bb4.16&#8243; custom_padding=\u00bb|||\u00bb global_colors_info=\u00bb{}\u00bb custom_padding__hover=\u00bb|||\u00bb][\/et_pb_column][\/et_pb_row][\/et_pb_section][et_pb_section fb_built=\u00bb1&#8243; admin_label=\u00bbList\u00bb _builder_version=\u00bb4.16&#8243; global_colors_info=\u00bb{}\u00bb][et_pb_row _builder_version=\u00bb4.22.1&#8243; global_colors_info=\u00bb{}\u00bb][et_pb_column type=\u00bb4_4&#8243; _builder_version=\u00bb4.16&#8243; custom_padding=\u00bb|||\u00bb global_colors_info=\u00bb{}\u00bb custom_padding__hover=\u00bb|||\u00bb][et_pb_image src=\u00bbhttps:\/\/los20pilares.com\/wp-content\/uploads\/2023\/09\/Captura-de-pantalla-2023-09-16-a-las-14.54.35.png\u00bb title_text=\u00bbCaptura de pantalla 2023-09-16 a las 14.54.35&#8243; _builder_version=\u00bb4.22.1&#8243; _module_preset=\u00bbdefault\u00bb global_colors_info=\u00bb{}\u00bb][\/et_pb_image][et_pb_pricing_tables featured_table_background_color=\u00bb#0C71C3&#8243; bullet_color=\u00bb#FFFFFF\u00bb featured_table_excluded_text_color=\u00bb#000000&#8243; featured_table_price_background_color=\u00bb#000000&#8243; featured_table_price_color=\u00bb#000000&#8243; price_background_color=\u00bb#0C71C3&#8243; _builder_version=\u00bb4.22.2&#8243; _module_preset=\u00bbdefault\u00bb excluded_text_color=\u00bb#000000&#8243; price_text_color=\u00bb#FFFFFF\u00bb price_font_size=\u00bb70px\u00bb background_color=\u00bb#03a50b\u00bb min_height=\u00bb35.7px\u00bb custom_padding=\u00bb||1px|||\u00bb global_colors_info=\u00bb{}\u00bb][et_pb_pricing_table title=\u00bbTARIFAS 2024&#8243; subtitle=\u00bb*Precios por d\u00eda\/noche.\u00bb currency=\u00bb\u20ac\u00bb sum=\u00bb450&#8243; price_background_color=\u00bb#000000&#8243; header_background_color=\u00bb#E02B20&#8243; _builder_version=\u00bb4.22.2&#8243; _module_preset=\u00bbdefault\u00bb header_text_color=\u00bb#FFFFFF\u00bb body_text_color=\u00bb#000000&#8243; price_font_size=\u00bb50px\u00bb background_color=\u00bbRGBA(255,255,255,0)\u00bb background_enable_color=\u00bbon\u00bb background_enable_image=\u00bboff\u00bb parallax=\u00bbon\u00bb background_blend=\u00bbhue\u00bb global_colors_info=\u00bb{}\u00bb sticky_transition=\u00bbon\u00bb]<\/p>\n<p>Meses de julio y agosto.<\/p>\n<p>Puentes nacionales y auton\u00f3micos.<\/p>\n<p>Fines de semana Juno y Septiembre.<\/p>\n<p>Semana Santa (mi\u00e9rcoles a s\u00e1bado)<\/p>\n<p>Navidad y Fin de A\u00f1o : fines de semana entre el periodo del 21 de diciembre al 6 de enero y del 21 al 25 diciembre y del 28 diciembre al 1 de enero.<\/p>\n<p>[\/et_pb_pricing_table][et_pb_pricing_table title=\u00bbTARIFAS 2024&#8243; subtitle=\u00bb*Precios por d\u00eda\/noche.\u00bb currency=\u00bb\u20ac\u00bb sum=\u00bb400&#8243; bullet_color=\u00bb#FFFFFF\u00bb header_background_color=\u00bb#EDF000&#8243; _builder_version=\u00bb4.22.2&#8243; _module_preset=\u00bbdefault\u00bb header_text_color=\u00bb#000000&#8243; body_text_color=\u00bb#000000&#8243; subheader_text_color=\u00bb#000000&#8243; price_font_size=\u00bb50px\u00bb currency_frequency_text_color=\u00bb#EDF000&#8243; excluded_text_color=\u00bb#000000&#8243; background_color=\u00bbRGBA(255,255,255,0)\u00bb background_enable_color=\u00bbon\u00bb hover_enabled=\u00bb0&#8243; global_colors_info=\u00bb{}\u00bb sticky_transition=\u00bbon\u00bb sticky_enabled=\u00bb0&#8243;]<\/p>\n<p>Meses de Enero, Febrero, Marzo. Abril, Octubre y Noviembre (excepto d\u00edas de fiestas y puentes).<\/p>\n<p>Fines de semana de Navidad (Del 21 de diciembre al 06 de enero desde el domingo al jueves, excepto del 21 al 25 de diciembre y del 28 al 01 de enero.<\/p>\n<p>Semana Santa ( excluyendo de mi\u00e9rcoles santo a s\u00e1bado santo).<\/p>\n<p>&nbsp;<\/p>\n<p>[\/et_pb_pricing_table][et_pb_pricing_table title=\u00bbTARIFAS 2024&#8243; subtitle=\u00bb*Precios por d\u00eda\/noche.\u00bb currency=\u00bb\u20ac\u00bb sum=\u00bb350&#8243; bullet_color=\u00bb#FFFFFF\u00bb price_background_color=\u00bb#E09900&#8243; header_background_color=\u00bb#7CDA24&#8243; _builder_version=\u00bb4.22.2&#8243; _module_preset=\u00bbdefault\u00bb price_text_color=\u00bb#FFFFFF\u00bb body_text_color=\u00bb#000000&#8243; price_font_size=\u00bb50px\u00bb currency_frequency_text_color=\u00bb#000000&#8243; background_color=\u00bbRGBA(255,255,255,0)\u00bb background_enable_color=\u00bbon\u00bb global_colors_info=\u00bb{}\u00bb sticky_transition=\u00bbon\u00bb]<\/p>\n<p><span><span><span style=\"color: #000000; font-size: 14px;\">De domingo a jueves en fechas que no sean Junio, Julio, Agosto y Septiembre.<\/span><\/span><\/span><span><\/span><span><\/span><span><\/span><span><span><\/span><\/span><span><\/span><span><\/span><span><span style=\"font-size: 14px; color: #000000;\"><\/span><\/span><span><\/span><span><\/span><span><\/span><span><\/span><span><\/span><span><\/span><span><\/span><span><\/span><span><\/span><span><\/span><span><\/span><span><\/span><span><\/span><span><\/span><span><\/span><span><\/span><span><\/span><span><\/span><span><\/span><\/p>\n<p>Fines de semanas con ocupaci\u00f3n m\u00e1xima hasta 6 plazas.<span><span><span style=\"color: #000000; font-size: 14px;\"><\/span><\/span><\/span><\/p>\n<p>&nbsp;<\/p>\n<p><span><span><span style=\"color: #000000; font-size: 14px;\"><\/span><\/span><\/span><\/p>\n<p>&nbsp;<\/p>\n<p><span><span><span style=\"color: #000000; font-size: 14px;\"><\/span><\/span><\/span><\/p>\n<p><span><span><span style=\"color: #000000; font-size: 14px;\"><\/span><\/span><\/span><\/p>\n<p><span><span><span style=\"color: #000000; font-size: 14px;\"><\/span><\/span><\/span><\/p>\n<p><span><span><span style=\"color: #000000; font-size: 14px;\"><\/span><\/span><\/span><\/p>\n<p><span><span><span style=\"color: #000000; font-size: 14px;\"><\/span><\/span><\/span><\/p>\n<p>[\/et_pb_pricing_table][\/et_pb_pricing_tables][\/et_pb_column][\/et_pb_row][et_pb_row _builder_version=\u00bb4.22.1&#8243; _module_preset=\u00bbdefault\u00bb global_colors_info=\u00bb{}\u00bb][et_pb_column type=\u00bb4_4&#8243; _builder_version=\u00bb4.22.1&#8243; _module_preset=\u00bbdefault\u00bb global_colors_info=\u00bb{}\u00bb][et_pb_heading title=\u00bb DISPONIBLE para la celebracio\u0301n de EVENTOS Y FIESTAS. Consultar precios.\u00bb _builder_version=\u00bb4.22.1&#8243; _module_preset=\u00bbdefault\u00bb background_color=\u00bb#EDF000&#8243; global_colors_info=\u00bb{}\u00bb][\/et_pb_heading][\/et_pb_column][\/et_pb_row][et_pb_row _builder_version=\u00bb4.22.1&#8243; _module_preset=\u00bbdefault\u00bb global_colors_info=\u00bb{}\u00bb][et_pb_column type=\u00bb4_4&#8243; _builder_version=\u00bb4.22.1&#8243; _module_preset=\u00bbdefault\u00bb global_colors_info=\u00bb{}\u00bb][et_pb_accordion _builder_version=\u00bb4.22.2&#8243; _module_preset=\u00bbdefault\u00bb hover_enabled=\u00bb0&#8243; global_colors_info=\u00bb{}\u00bb sticky_enabled=\u00bb0&#8243;][et_pb_accordion_item title=\u00bbMeses de Junio y Septiembre\u00a0\u00bb open=\u00bboff\u00bb open_toggle_text_color=\u00bb#000000&#8243; open_toggle_background_color=\u00bbRGBA(255,255,255,0)\u00bb closed_toggle_text_color=\u00bb#000000&#8243; closed_toggle_background_color=\u00bb#E02B20&#8243; _builder_version=\u00bb4.22.2&#8243; _module_preset=\u00bbdefault\u00bb global_colors_info=\u00bb{}\u00bb toggle_font=\u00bb|700|||||||\u00bb closed_toggle_font=\u00bb|800|||||||\u00bb]<\/p>\n<ul>\n<li>Semana:\u00a0 2100\u20ac (lunes a domingo)<\/li>\n<li>Fines de semana:900 \u20ac<\/li>\n<li><span style=\"text-decoration: underline;\">Precio por d\u00eda:<\/span><\/li>\n<li><strong>Hasta 6 personas:<\/strong> 350 \u20ac por noche<\/li>\n<\/ul>\n<p>[\/et_pb_accordion_item][et_pb_accordion_item title=\u00bbMes de Julio (Alta)\u00bb open_toggle_text_color=\u00bb#000000&#8243; closed_toggle_text_color=\u00bb#000000&#8243; closed_toggle_background_color=\u00bb#E02B20&#8243; _builder_version=\u00bb4.22.2&#8243; _module_preset=\u00bbdefault\u00bb global_colors_info=\u00bb{}\u00bb toggle_font=\u00bb|700|||||||\u00bb closed_toggle_font=\u00bb|800|||||||\u00bb open=\u00bboff\u00bb]<\/p>\n<ul>\n<li>Semana: 2.400 \u20ac (m\u00e1ximo 14 personas).<\/li>\n<li><span style=\"text-decoration: underline;\">Precio por d\u00eda:<\/span><\/li>\n<li><strong>Hasta 6 personas:<\/strong> 400 \u20ac (m\u00e1s de 2 d\u00edas de estancia)<strong style=\"font-size: 14px;\"><\/strong><\/li>\n<li><strong>7 a 14 personas:<\/strong> 450 \u20ac<\/li>\n<\/ul>\n<p>[\/et_pb_accordion_item][et_pb_accordion_item title=\u00bbMes de Agosto\u00a0\u00bb open_toggle_text_color=\u00bb#000000&#8243; closed_toggle_text_color=\u00bb#000000&#8243; closed_toggle_background_color=\u00bb#E02B20&#8243; _builder_version=\u00bb4.22.2&#8243; _module_preset=\u00bbdefault\u00bb global_colors_info=\u00bb{}\u00bb toggle_text_color=\u00bb#000000&#8243; toggle_font=\u00bb|700|||||||\u00bb closed_toggle_font=\u00bb|800|||||||\u00bb open=\u00bbon\u00bb]<\/p>\n<ul>\n<li>Semana: 2.200 \u20ac (m\u00ednimo 6 personas).<\/li>\n<li><span style=\"text-decoration: underline;\">Precio por d\u00eda:<\/span><\/li>\n<li><strong>6 personas:<\/strong> 320 \u20ac (m\u00e1s de 2 d\u00edas de estancia en puentes), 300 \u20ac puentes de 3 d\u00edas.<\/li>\n<li><strong>09 a 10 personas:<\/strong> 350 \u20ac<\/li>\n<li><strong>11 a 14 personas:<\/strong> 400 \u20ac<\/li>\n<\/ul>\n<p>[\/et_pb_accordion_item][et_pb_accordion_item title=\u00bbMes de Septiembre (Alta)\u00bb open_toggle_text_color=\u00bb#000000&#8243; closed_toggle_text_color=\u00bb#000000&#8243; closed_toggle_background_color=\u00bb#E02B20&#8243; _builder_version=\u00bb4.22.2&#8243; _module_preset=\u00bbdefault\u00bb global_colors_info=\u00bb{}\u00bb toggle_font=\u00bb|700|||||||\u00bb closed_toggle_font=\u00bb|800|||||||\u00bb open=\u00bboff\u00bb]<\/p>\n<ul>\n<li>Semana: 2100 \u20ac (LUNES A DOMINGO).<\/li>\n<li>Fines de semana: 900 \u20ac.<\/li>\n<li><span style=\"text-decoration: underline;\">Precio por d\u00eda:<\/span><\/li>\n<li><strong>Hasta 6 personas:<\/strong> 350 \u20ac por noche<strong><\/strong><strong style=\"font-size: 14px;\"><\/strong><\/li>\n<\/ul>\n<p>[\/et_pb_accordion_item][\/et_pb_accordion][\/et_pb_column][\/et_pb_row][\/et_pb_section][et_pb_section fb_built=\u00bb1&#8243; _builder_version=\u00bb4.22.1&#8243; _module_preset=\u00bbdefault\u00bb custom_padding=\u00bb||41px|||\u00bb global_colors_info=\u00bb{}\u00bb][\/et_pb_section][et_pb_section fb_built=\u00bb1&#8243; fullwidth=\u00bbon\u00bb _builder_version=\u00bb4.22.1&#8243; _module_preset=\u00bbdefault\u00bb global_colors_info=\u00bb{}\u00bb][et_pb_fullwidth_slider show_arrows=\u00bboff\u00bb show_pagination=\u00bboff\u00bb use_text_overlay=\u00bbon\u00bb text_overlay_color=\u00bb#000000&#8243; _builder_version=\u00bb4.22.1&#8243; _module_preset=\u00bbdefault\u00bb text_orientation=\u00bbleft\u00bb custom_padding=\u00bb||151px|||\u00bb global_colors_info=\u00bb{}\u00bb][et_pb_slide heading=\u00bbObservaciones a tener en cuenta en la Reserva: \u00bb _builder_version=\u00bb4.22.1&#8243; _module_preset=\u00bbdefault\u00bb global_colors_info=\u00bb{}\u00bb sticky_transition=\u00bbon\u00bb]<\/p>\n<p><strong>Precios en r\u00e9gimen solo de alojamiento, es un alquiler de la finca completa, no disponible por<\/strong><br \/><strong>habitaciones.\u2022 El precio seg\u00fan ocupaci\u00f3n del alojamiento completo puede ser menor por ofertas puntuales<\/strong><br \/><strong>(consultar).<\/strong><\/p>\n<ul>\n<li><strong>(Menores de tres a\u00f1os no contabilizan como plaza).\u2022 Horarios de entrada y salida de clientes 12h en ambas fechas, horario abierto para el cliente,<\/strong><br \/><strong>condicionada solo por los hu\u00e9spedes anteriores que lleguen ese mismo d\u00eda, o se marchen el<\/strong><br \/><strong>anterior.<\/strong><\/li>\n<li><strong>Estancia todas las temporadas m\u00ednima noches: 2<\/strong><\/li>\n<li><strong>\u00a0Se\u00f1al de reserva: 25% (una cuarta parte del total) mediante Transferencia, Bizum o Efectivo.<\/strong><\/li>\n<li><strong>Fianza 200\u20ac a devolver en el momento de abandonar la estancia<\/strong><br \/><strong>Formas de pago resto: Transferencia, Efectivo o Bizum.<\/strong><\/li>\n<\/ul>\n<p><strong>Nota: Precios y servicios sujetos a cambios y disponibilidad. Precio con impuestos inclu\u00eddos (IVA)<\/strong><\/p>\n<p><strong>Seg\u00fan la normativa andaluza turismo por anulaci\u00f3n de la reserva da derecho al titular de la casa rural a retener el siguiente porcentaje de la se\u00f1al exigida:<\/strong><\/p>\n<p><strong>El 50% cuando se haga con treinta o mas d\u00edas, y 100 % menos de treinta d\u00edas.<\/strong><\/p>\n<p>[\/et_pb_slide][\/et_pb_fullwidth_slider][\/et_pb_section][et_pb_section fb_built=\u00bb1&#8243; admin_label=\u00bbTestimonial\u00bb _builder_version=\u00bb4.16&#8243; global_colors_info=\u00bb{}\u00bb][\/et_pb_section]<\/p>\n","protected":false},"excerpt":{"rendered":"<p>Precios actualizados a\u00f1o 2023 Tarifas y Precios \u00abCasa Rural Los 20 Pilares\u00bb &nbsp;Meses de julio y agosto. Puentes nacionales y auton\u00f3micos. Fines de semana Juno y Septiembre. Semana Santa (mi\u00e9rcoles a s\u00e1bado) Navidad y Fin de A\u00f1o : fines de semana entre el periodo del 21 de diciembre al 6 de enero y del 21 [&hellip;]<\/p>\n","protected":false},"author":2,"featured_media":0,"parent":0,"menu_order":0,"comment_status":"closed","ping_status":"closed","template":"","meta":{"_et_pb_use_builder":"on","_et_pb_old_content":"","_et_gb_content_width":"","footnotes":""},"class_list":["post-158","page","type-page","status-publish","hentry"],"yoast_head":"<!-- This site is optimized with the Yoast SEO plugin v23.8 - https:\/\/yoast.com\/wordpress\/plugins\/seo\/ -->\n<title>Tarifas y Precios - Los 20 Pilares. Casa Rural<\/title>\n<meta name=\"robots\" content=\"index, follow, max-snippet:-1, max-image-preview:large, max-video-preview:-1\" \/>\n<link rel=\"canonical\" href=\"https:\/\/los20pilares.com\/index.php\/tarifas-y-precios\/\" \/>\n<meta property=\"og:locale\" content=\"es_ES\" \/>\n<meta property=\"og:type\" content=\"article\" \/>\n<meta property=\"og:title\" content=\"Tarifas y Precios - Los 20 Pilares. Casa Rural\" \/>\n<meta property=\"og:description\" content=\"Precios actualizados a\u00f1o 2023 Tarifas y Precios &quot;Casa Rural Los 20 Pilares&quot; &nbsp;Meses de julio y agosto. Puentes nacionales y auton\u00f3micos. Fines de semana Juno y Septiembre. Semana Santa (mi\u00e9rcoles a s\u00e1bado) Navidad y Fin de A\u00f1o : fines de semana entre el periodo del 21 de diciembre al 6 de enero y del 21 [&hellip;]\" \/>\n<meta property=\"og:url\" content=\"https:\/\/los20pilares.com\/index.php\/tarifas-y-precios\/\" \/>\n<meta property=\"og:site_name\" content=\"Los 20 Pilares. Casa Rural\" \/>\n<meta property=\"article:modified_time\" content=\"2023-12-18T12:54:15+00:00\" \/>\n<meta name=\"twitter:card\" content=\"summary_large_image\" \/>\n<meta name=\"twitter:label1\" content=\"Tiempo de lectura\" \/>\n\t<meta name=\"twitter:data1\" content=\"7 minutos\" \/>\n<script type=\"application\/ld+json\" class=\"yoast-schema-graph\">{\"@context\":\"https:\/\/schema.org\",\"@graph\":[{\"@type\":\"WebPage\",\"@id\":\"https:\/\/los20pilares.com\/index.php\/tarifas-y-precios\/\",\"url\":\"https:\/\/los20pilares.com\/index.php\/tarifas-y-precios\/\",\"name\":\"Tarifas y Precios - Los 20 Pilares. Casa Rural\",\"isPartOf\":{\"@id\":\"https:\/\/los20pilares.com\/#website\"},\"datePublished\":\"2023-09-16T12:17:27+00:00\",\"dateModified\":\"2023-12-18T12:54:15+00:00\",\"breadcrumb\":{\"@id\":\"https:\/\/los20pilares.com\/index.php\/tarifas-y-precios\/#breadcrumb\"},\"inLanguage\":\"es\",\"potentialAction\":[{\"@type\":\"ReadAction\",\"target\":[\"https:\/\/los20pilares.com\/index.php\/tarifas-y-precios\/\"]}]},{\"@type\":\"BreadcrumbList\",\"@id\":\"https:\/\/los20pilares.com\/index.php\/tarifas-y-precios\/#breadcrumb\",\"itemListElement\":[{\"@type\":\"ListItem\",\"position\":1,\"name\":\"Portada\",\"item\":\"https:\/\/los20pilares.com\/\"},{\"@type\":\"ListItem\",\"position\":2,\"name\":\"Tarifas y Precios\"}]},{\"@type\":\"WebSite\",\"@id\":\"https:\/\/los20pilares.com\/#website\",\"url\":\"https:\/\/los20pilares.com\/\",\"name\":\"Los 20 Pilares. Casa Rural\",\"description\":\"Alquiler vacacional sierra de C\u00e1diz\",\"publisher\":{\"@id\":\"https:\/\/los20pilares.com\/#\/schema\/person\/6b2c4502a3addc41a21f53df32e12eb3\"},\"potentialAction\":[{\"@type\":\"SearchAction\",\"target\":{\"@type\":\"EntryPoint\",\"urlTemplate\":\"https:\/\/los20pilares.com\/?s={search_term_string}\"},\"query-input\":{\"@type\":\"PropertyValueSpecification\",\"valueRequired\":true,\"valueName\":\"search_term_string\"}}],\"inLanguage\":\"es\"},{\"@type\":[\"Person\",\"Organization\"],\"@id\":\"https:\/\/los20pilares.com\/#\/schema\/person\/6b2c4502a3addc41a21f53df32e12eb3\",\"name\":\"Jose Antonio\",\"image\":{\"@type\":\"ImageObject\",\"inLanguage\":\"es\",\"@id\":\"https:\/\/los20pilares.com\/#\/schema\/person\/image\/\",\"url\":\"https:\/\/secure.gravatar.com\/avatar\/e0003abe5157783db4e21dc9b356b79835b95141a2d4cbad566975e3e503c180?s=96&d=mm&r=g\",\"contentUrl\":\"https:\/\/secure.gravatar.com\/avatar\/e0003abe5157783db4e21dc9b356b79835b95141a2d4cbad566975e3e503c180?s=96&d=mm&r=g\",\"caption\":\"Jose Antonio\"},\"logo\":{\"@id\":\"https:\/\/los20pilares.com\/#\/schema\/person\/image\/\"}}]}<\/script>\n<!-- \/ Yoast SEO plugin. -->","yoast_head_json":{"title":"Tarifas y Precios - Los 20 Pilares. Casa Rural","robots":{"index":"index","follow":"follow","max-snippet":"max-snippet:-1","max-image-preview":"max-image-preview:large","max-video-preview":"max-video-preview:-1"},"canonical":"https:\/\/los20pilares.com\/index.php\/tarifas-y-precios\/","og_locale":"es_ES","og_type":"article","og_title":"Tarifas y Precios - Los 20 Pilares. Casa Rural","og_description":"Precios actualizados a\u00f1o 2023 Tarifas y Precios \"Casa Rural Los 20 Pilares\" &nbsp;Meses de julio y agosto. Puentes nacionales y auton\u00f3micos. Fines de semana Juno y Septiembre. Semana Santa (mi\u00e9rcoles a s\u00e1bado) Navidad y Fin de A\u00f1o : fines de semana entre el periodo del 21 de diciembre al 6 de enero y del 21 [&hellip;]","og_url":"https:\/\/los20pilares.com\/index.php\/tarifas-y-precios\/","og_site_name":"Los 20 Pilares. Casa Rural","article_modified_time":"2023-12-18T12:54:15+00:00","twitter_card":"summary_large_image","twitter_misc":{"Tiempo de lectura":"7 minutos"},"schema":{"@context":"https:\/\/schema.org","@graph":[{"@type":"WebPage","@id":"https:\/\/los20pilares.com\/index.php\/tarifas-y-precios\/","url":"https:\/\/los20pilares.com\/index.php\/tarifas-y-precios\/","name":"Tarifas y Precios - Los 20 Pilares. Casa Rural","isPartOf":{"@id":"https:\/\/los20pilares.com\/#website"},"datePublished":"2023-09-16T12:17:27+00:00","dateModified":"2023-12-18T12:54:15+00:00","breadcrumb":{"@id":"https:\/\/los20pilares.com\/index.php\/tarifas-y-precios\/#breadcrumb"},"inLanguage":"es","potentialAction":[{"@type":"ReadAction","target":["https:\/\/los20pilares.com\/index.php\/tarifas-y-precios\/"]}]},{"@type":"BreadcrumbList","@id":"https:\/\/los20pilares.com\/index.php\/tarifas-y-precios\/#breadcrumb","itemListElement":[{"@type":"ListItem","position":1,"name":"Portada","item":"https:\/\/los20pilares.com\/"},{"@type":"ListItem","position":2,"name":"Tarifas y Precios"}]},{"@type":"WebSite","@id":"https:\/\/los20pilares.com\/#website","url":"https:\/\/los20pilares.com\/","name":"Los 20 Pilares. Casa Rural","description":"Alquiler vacacional sierra de C\u00e1diz","publisher":{"@id":"https:\/\/los20pilares.com\/#\/schema\/person\/6b2c4502a3addc41a21f53df32e12eb3"},"potentialAction":[{"@type":"SearchAction","target":{"@type":"EntryPoint","urlTemplate":"https:\/\/los20pilares.com\/?s={search_term_string}"},"query-input":{"@type":"PropertyValueSpecification","valueRequired":true,"valueName":"search_term_string"}}],"inLanguage":"es"},{"@type":["Person","Organization"],"@id":"https:\/\/los20pilares.com\/#\/schema\/person\/6b2c4502a3addc41a21f53df32e12eb3","name":"Jose Antonio","image":{"@type":"ImageObject","inLanguage":"es","@id":"https:\/\/los20pilares.com\/#\/schema\/person\/image\/","url":"https:\/\/secure.gravatar.com\/avatar\/e0003abe5157783db4e21dc9b356b79835b95141a2d4cbad566975e3e503c180?s=96&d=mm&r=g","contentUrl":"https:\/\/secure.gravatar.com\/avatar\/e0003abe5157783db4e21dc9b356b79835b95141a2d4cbad566975e3e503c180?s=96&d=mm&r=g","caption":"Jose Antonio"},"logo":{"@id":"https:\/\/los20pilares.com\/#\/schema\/person\/image\/"}}]}},"_links":{"self":[{"href":"https:\/\/los20pilares.com\/index.php\/wp-json\/wp\/v2\/pages\/158","targetHints":{"allow":["GET"]}}],"collection":[{"href":"https:\/\/los20pilares.com\/index.php\/wp-json\/wp\/v2\/pages"}],"about":[{"href":"https:\/\/los20pilares.com\/index.php\/wp-json\/wp\/v2\/types\/page"}],"author":[{"embeddable":true,"href":"https:\/\/los20pilares.com\/index.php\/wp-json\/wp\/v2\/users\/2"}],"replies":[{"embeddable":true,"href":"https:\/\/los20pilares.com\/index.php\/wp-json\/wp\/v2\/comments?post=158"}],"version-history":[{"count":74,"href":"https:\/\/los20pilares.com\/index.php\/wp-json\/wp\/v2\/pages\/158\/revisions"}],"predecessor-version":[{"id":327,"href":"https:\/\/los20pilares.com\/index.php\/wp-json\/wp\/v2\/pages\/158\/revisions\/327"}],"wp:attachment":[{"href":"https:\/\/los20pilares.com\/index.php\/wp-json\/wp\/v2\/media?parent=158"}],"curies":[{"name":"wp","href":"https:\/\/api.w.org\/{rel}","templated":true}]}}