{"id":3,"date":"2023-01-25T12:32:10","date_gmt":"2023-01-25T12:32:10","guid":{"rendered":"http:\/\/los20pilares.com\/?page_id=3"},"modified":"2023-09-18T17:12:45","modified_gmt":"2023-09-18T17:12:45","slug":"privacy-policy","status":"publish","type":"page","link":"https:\/\/los20pilares.com\/index.php\/privacy-policy\/","title":{"rendered":"Privacy Policy"},"content":{"rendered":"<p>[et_pb_section fb_built=\u00bb1&#8243; admin_label=\u00bbHeader &#038; Contact Form\u00bb _builder_version=\u00bb4.22.1&#8243; _module_preset=\u00bbdefault\u00bb collapsed=\u00bbon\u00bb global_colors_info=\u00bb{}\u00bb][et_pb_row _builder_version=\u00bb4.22.1&#8243; _module_preset=\u00bbdefault\u00bb global_colors_info=\u00bb{}\u00bb][et_pb_column type=\u00bb4_4&#8243; _builder_version=\u00bb4.22.1&#8243; _module_preset=\u00bbdefault\u00bb global_colors_info=\u00bb{}\u00bb][et_pb_text _builder_version=\u00bb4.22.1&#8243; _module_preset=\u00bbdefault\u00bb hover_enabled=\u00bb0&#8243; sticky_enabled=\u00bb0&#8243;]<\/p>\n<h1 class=\"privacy-policy-h1\"><span>Pol\u00edtica de privacidad<\/span><br \/><span>actualizada por \u00faltima vez el 18 de septiembre de 2023<\/span><br \/><span>Fecha de entrada en vigor 18 de septiembre de 2023<\/span><\/h1>\n<p class=\"privacy-policy-p\"><span>Esta Pol\u00edtica de Privacidad describe las pol\u00edticas de Los 20 Pilares, Carretera A-373 km 32, Ubrique, C\u00e1diz 11.600, Espa\u00f1a, correo electr\u00f3nico: reservas@los20pilares.com, tel\u00e9fono: 647773173 sobre la recopilaci\u00f3n, uso y divulgaci\u00f3n de su informaci\u00f3n que recopilamos cuando utiliza nuestro sitio web (https:\/\/los20pilares.com).\u00a0(el servicio\u00bb).\u00a0Al acceder o utilizar el Servicio, usted acepta la recopilaci\u00f3n, el uso y la divulgaci\u00f3n de su informaci\u00f3n de acuerdo con esta Pol\u00edtica de Privacidad.\u00a0Si no acepta lo mismo, no acceda ni utilice el Servicio.<\/span><\/p>\n<p class=\"privacy-policy-p\"><span>Podemos modificar esta Pol\u00edtica de Privacidad en cualquier momento sin previo aviso y publicaremos la Pol\u00edtica de Privacidad revisada en el Servicio.\u00a0La Pol\u00edtica revisada entrar\u00e1 en vigencia 180 d\u00edas a partir de la fecha en que se publique en el Servicio y su acceso o uso continuo del Servicio despu\u00e9s de ese tiempo constituir\u00e1 su aceptaci\u00f3n de la Pol\u00edtica de privacidad revisada.\u00a0Por ello le recomendamos que revise peri\u00f3dicamente esta p\u00e1gina.<\/span><\/p>\n<ol class=\"privacy-policy-ol\">\n<li>\n<h2 class=\"privacy-policy-h2\"><span>TUS DERECHOS:<\/span><\/h2>\n<p class=\"privacy-policy-p\"><span>Dependiendo de la ley que se aplique, puede tener derecho a acceder y rectificar o borrar sus datos personales o recibir una copia de sus datos personales, restringir u oponerse al procesamiento activo de sus datos, solicitarnos que compartamos (portemos) sus datos personales. informaci\u00f3n a otra entidad, retirar cualquier consentimiento que nos haya brindado para procesar sus datos, el derecho a presentar una queja ante una autoridad legal y otros derechos que puedan ser relevantes seg\u00fan las leyes aplicables.\u00a0Para ejercer estos derechos puede escribirnos a reservas@los20pilares.com.\u00a0Responderemos a su solicitud de acuerdo con la ley aplicable.<\/span><\/p>\n<p class=\"privacy-policy-p\"><span>Tenga en cuenta que si no nos permite recopilar o procesar la informaci\u00f3n personal requerida o retirar el consentimiento para procesarla para los fines requeridos, es posible que no pueda acceder ni utilizar los servicios para los cuales se busc\u00f3 su informaci\u00f3n.<\/span><\/p>\n<\/li>\n<li>\n<h2 class=\"privacy-policy-h2\"><span>COOKIES, ETC.<\/span><\/h2>\n<p class=\"privacy-policy-p\"><span>Para obtener m\u00e1s informaci\u00f3n sobre c\u00f3mo las utilizamos y sus opciones en relaci\u00f3n con estas tecnolog\u00edas de seguimiento, consulte nuestra\u00a0<\/span><a href=\"https:\/\/los20pilares.com\/\"><span>Pol\u00edtica de cookies.<\/span><\/a><\/p>\n<\/li>\n<li>\n<h2 class=\"privacy-policy-h2\"><span>SEGURIDAD:<\/span><\/h2>\n<p class=\"privacy-policy-p\"><span>La seguridad de su informaci\u00f3n es importante para nosotros y utilizaremos medidas de seguridad razonables para evitar la p\u00e9rdida, el uso indebido o la alteraci\u00f3n no autorizada de su informaci\u00f3n bajo nuestro control.\u00a0Sin embargo, dados los riesgos inherentes, no podemos garantizar una seguridad absoluta y, en consecuencia, no podemos asegurar ni garantizar la seguridad de la informaci\u00f3n que usted nos transmite y lo hace bajo su propio riesgo.<\/span><\/p>\n<\/li>\n<li>\n<h2 class=\"privacy-policy-h2\"><span>DELEGADO DE QUEJAS\/PROTECCI\u00d3N DE DATOS:<\/span><\/h2>\n<p class=\"privacy-policy-p\"><span>Si tiene alguna consulta o inquietud sobre el procesamiento de su informaci\u00f3n que est\u00e1 disponible con nosotros, puede enviar un correo electr\u00f3nico a nuestro Oficial de Quejas en Los 20 Pilares, Carretera A-373 km 32, correo electr\u00f3nico: reservas@los20pilares.com.\u00a0Atenderemos sus inquietudes de acuerdo con la ley aplicable.<\/span><\/p>\n<\/li>\n<\/ol>\n<p>[\/et_pb_text][\/et_pb_column][\/et_pb_row][\/et_pb_section][et_pb_section fb_built=\u00bb1&#8243; admin_label=\u00bbMap\u00bb _builder_version=\u00bb4.21.0&#8243; _module_preset=\u00bbdefault\u00bb custom_padding=\u00bb0px||||false|false\u00bb collapsed=\u00bbon\u00bb global_colors_info=\u00bb{}\u00bb][\/et_pb_section][et_pb_section fb_built=\u00bb1&#8243; admin_label=\u00bbFooter\u00bb _builder_version=\u00bb4.21.0&#8243; _module_preset=\u00bbdefault\u00bb background_color=\u00bbgcid-5aa9ce6a-8a5e-4347-973a-c6b91f603234&#8243; saved_tabs=\u00bball\u00bb collapsed=\u00bbon\u00bb global_colors_info=\u00bb{%22gcid-5aa9ce6a-8a5e-4347-973a-c6b91f603234%22:%91%22background_color%22%93}\u00bb][et_pb_row _builder_version=\u00bb4.21.0&#8243; _module_preset=\u00bbdefault\u00bb global_colors_info=\u00bb{}\u00bb][et_pb_column type=\u00bb4_4&#8243; _builder_version=\u00bb4.21.0&#8243; _module_preset=\u00bbdefault\u00bb global_colors_info=\u00bb{}\u00bb][et_pb_text _builder_version=\u00bb4.21.0&#8243; _module_preset=\u00bb9a8387f0-b101-4772-858c-3ebc27305cd9&#8243; header_2_text_color=\u00bb#FFFFFF\u00bb text_orientation=\u00bbcenter\u00bb custom_margin=\u00bb||10px||false|false\u00bb global_colors_info=\u00bb{}\u00bb]<\/p>\n<h2>Los 20 Pilares<\/h2>\n<p>[\/et_pb_text][et_pb_text _builder_version=\u00bb4.22.1&#8243; _module_preset=\u00bb5ddaa883-6b78-4662-889e-22a0f7b1101e\u00bb text_text_color=\u00bb#FFFFFF\u00bb text_orientation=\u00bbcenter\u00bb global_colors_info=\u00bb{}\u00bb]<\/p>\n<p>Km 32 Carretera A-373 Ubrique-Cortes de la Frontera, Ubrique, C\u00e1diz<\/p>\n<p>[\/et_pb_text][\/et_pb_column][\/et_pb_row][et_pb_row column_structure=\u00bb1_2,1_2&#8243; _builder_version=\u00bb4.21.0&#8243; _module_preset=\u00bbdefault\u00bb global_colors_info=\u00bb{}\u00bb][et_pb_column type=\u00bb1_2&#8243; _builder_version=\u00bb4.21.0&#8243; _module_preset=\u00bbdefault\u00bb global_colors_info=\u00bb{}\u00bb][et_pb_icon font_icon=\u00bb&#xe090;||divi||400&#8243; icon_color=\u00bb#FFFFFF\u00bb icon_width=\u00bb16px\u00bb _builder_version=\u00bb4.21.0&#8243; _module_preset=\u00bbdefault\u00bb custom_padding=\u00bb12px|12px|12px|12px|true|true\u00bb border_radii=\u00bbon|100px|100px|100px|100px\u00bb border_width_all=\u00bb1px\u00bb border_color_all=\u00bb#FFFFFF\u00bb locked=\u00bboff\u00bb global_colors_info=\u00bb{}\u00bb][\/et_pb_icon][et_pb_text _builder_version=\u00bb4.22.1&#8243; _module_preset=\u00bb459b67e2-17cb-4c23-809e-ec46017eb685&#8243; link_text_color=\u00bb#FFFFFF\u00bb header_5_text_color=\u00bb#FFFFFF\u00bb text_orientation=\u00bbcenter\u00bb global_colors_info=\u00bb{}\u00bb]<\/p>\n<h5>667 751922 &#8211; 647 773173<\/h5>\n<p>[\/et_pb_text][\/et_pb_column][et_pb_column type=\u00bb1_2&#8243; _builder_version=\u00bb4.21.0&#8243; _module_preset=\u00bbdefault\u00bb global_colors_info=\u00bb{}\u00bb][et_pb_icon font_icon=\u00bb&#xe076;||divi||400&#8243; icon_color=\u00bb#FFFFFF\u00bb icon_width=\u00bb16px\u00bb _builder_version=\u00bb4.21.0&#8243; _module_preset=\u00bbdefault\u00bb custom_padding=\u00bb12px|12px|12px|12px|true|true\u00bb border_radii=\u00bbon|100px|100px|100px|100px\u00bb border_width_all=\u00bb1px\u00bb border_color_all=\u00bb#FFFFFF\u00bb locked=\u00bboff\u00bb global_colors_info=\u00bb{}\u00bb][\/et_pb_icon][et_pb_text _builder_version=\u00bb4.22.1&#8243; _module_preset=\u00bb459b67e2-17cb-4c23-809e-ec46017eb685&#8243; link_text_color=\u00bb#FFFFFF\u00bb header_5_text_color=\u00bb#FFFFFF\u00bb text_orientation=\u00bbcenter\u00bb global_colors_info=\u00bb{}\u00bb]<\/p>\n<h5><a href=\"mailto:#\">reservas@los20pilares.com<\/a><\/h5>\n<p>[\/et_pb_text][\/et_pb_column][\/et_pb_row][et_pb_row _builder_version=\u00bb4.21.0&#8243; _module_preset=\u00bbdefault\u00bb border_color_all=\u00bbrgba(255,255,255,0.2)\u00bb border_width_top=\u00bb1px\u00bb global_colors_info=\u00bb{}\u00bb][et_pb_column type=\u00bb4_4&#8243; _builder_version=\u00bb4.21.0&#8243; _module_preset=\u00bbdefault\u00bb global_colors_info=\u00bb{}\u00bb][et_pb_text _builder_version=\u00bb4.22.1&#8243; _dynamic_attributes=\u00bbcontent\u00bb _module_preset=\u00bbdefault\u00bb text_text_color=\u00bb#FFFFFF\u00bb text_orientation=\u00bbcenter\u00bb global_colors_info=\u00bb{}\u00bb]@ET-DC@eyJkeW5hbWljIjp0cnVlLCJjb250ZW50IjoiY3VycmVudF9kYXRlIiwic2V0dGluZ3MiOnsiYmVmb3JlIjoiQ29weXJpZ2h0ICZjb3B5OyAiLCJhZnRlciI6IlBhcGVyY29yLiBBbGwgUmlnaHRzIFJlc2VydmVkLiIsImRhdGVfZm9ybWF0IjoiY3VzdG9tIiwiY3VzdG9tX2RhdGVfZm9ybWF0IjoiWSJ9fQ==@[\/et_pb_text][\/et_pb_column][\/et_pb_row][\/et_pb_section]<\/p>\n","protected":false},"excerpt":{"rendered":"<p>Pol\u00edtica de privacidadactualizada por \u00faltima vez el 18 de septiembre de 2023Fecha de entrada en vigor 18 de septiembre de 2023 Esta Pol\u00edtica de Privacidad describe las pol\u00edticas de Los 20 Pilares, Carretera A-373 km 32, Ubrique, C\u00e1diz 11.600, Espa\u00f1a, correo electr\u00f3nico: reservas@los20pilares.com, tel\u00e9fono: 647773173 sobre la recopilaci\u00f3n, uso y divulgaci\u00f3n de su informaci\u00f3n que [&hellip;]<\/p>\n","protected":false},"author":1,"featured_media":0,"parent":0,"menu_order":0,"comment_status":"closed","ping_status":"open","template":"","meta":{"_et_pb_use_builder":"on","_et_pb_old_content":"<!-- wp:heading --><h2>Who we are<\/h2><!-- \/wp:heading --><!-- wp:paragraph --><p><strong class=\"privacy-policy-tutorial\">Suggested text: <\/strong>Our website address is: https:\/\/los20pilares.com.<\/p><!-- \/wp:paragraph --><!-- wp:heading --><h2>Comments<\/h2><!-- \/wp:heading --><!-- wp:paragraph --><p><strong class=\"privacy-policy-tutorial\">Suggested text: <\/strong>When visitors leave comments on the site we collect the data shown in the comments form, and also the visitor&#8217;s IP address and browser user agent string to help spam detection.<\/p><!-- \/wp:paragraph --><!-- wp:paragraph --><p>An anonymized string created from your email address (also called a hash) may be provided to the Gravatar service to see if you are using it. The Gravatar service privacy policy is available here: https:\/\/automattic.com\/privacy\/. After approval of your comment, your profile picture is visible to the public in the context of your comment.<\/p><!-- \/wp:paragraph --><!-- wp:heading --><h2>Media<\/h2><!-- \/wp:heading --><!-- wp:paragraph --><p><strong class=\"privacy-policy-tutorial\">Suggested text: <\/strong>If you upload images to the website, you should avoid uploading images with embedded location data (EXIF GPS) included. Visitors to the website can download and extract any location data from images on the website.<\/p><!-- \/wp:paragraph --><!-- wp:heading --><h2>Cookies<\/h2><!-- \/wp:heading --><!-- wp:paragraph --><p><strong class=\"privacy-policy-tutorial\">Suggested text: <\/strong>If you leave a comment on our site you may opt-in to saving your name, email address and website in cookies. These are for your convenience so that you do not have to fill in your details again when you leave another comment. These cookies will last for one year.<\/p><!-- \/wp:paragraph --><!-- wp:paragraph --><p>If you visit our login page, we will set a temporary cookie to determine if your browser accepts cookies. This cookie contains no personal data and is discarded when you close your browser.<\/p><!-- \/wp:paragraph --><!-- wp:paragraph --><p>When you log in, we will also set up several cookies to save your login information and your screen display choices. Login cookies last for two days, and screen options cookies last for a year. If you select &quot;Remember Me&quot;, your login will persist for two weeks. If you log out of your account, the login cookies will be removed.<\/p><!-- \/wp:paragraph --><!-- wp:paragraph --><p>If you edit or publish an article, an additional cookie will be saved in your browser. This cookie includes no personal data and simply indicates the post ID of the article you just edited. It expires after 1 day.<\/p><!-- \/wp:paragraph --><!-- wp:heading --><h2>Embedded content from other websites<\/h2><!-- \/wp:heading --><!-- wp:paragraph --><p><strong class=\"privacy-policy-tutorial\">Suggested text: <\/strong>Articles on this site may include embedded content (e.g. videos, images, articles, etc.). Embedded content from other websites behaves in the exact same way as if the visitor has visited the other website.<\/p><!-- \/wp:paragraph --><!-- wp:paragraph --><p>These websites may collect data about you, use cookies, embed additional third-party tracking, and monitor your interaction with that embedded content, including tracking your interaction with the embedded content if you have an account and are logged in to that website.<\/p><!-- \/wp:paragraph --><!-- wp:heading --><h2>Who we share your data with<\/h2><!-- \/wp:heading --><!-- wp:paragraph --><p><strong class=\"privacy-policy-tutorial\">Suggested text: <\/strong>If you request a password reset, your IP address will be included in the reset email.<\/p><!-- \/wp:paragraph --><!-- wp:heading --><h2>How long we retain your data<\/h2><!-- \/wp:heading --><!-- wp:paragraph --><p><strong class=\"privacy-policy-tutorial\">Suggested text: <\/strong>If you leave a comment, the comment and its metadata are retained indefinitely. This is so we can recognize and approve any follow-up comments automatically instead of holding them in a moderation queue.<\/p><!-- \/wp:paragraph --><!-- wp:paragraph --><p>For users that register on our website (if any), we also store the personal information they provide in their user profile. All users can see, edit, or delete their personal information at any time (except they cannot change their username). Website administrators can also see and edit that information.<\/p><!-- \/wp:paragraph --><!-- wp:heading --><h2>What rights you have over your data<\/h2><!-- \/wp:heading --><!-- wp:paragraph --><p><strong class=\"privacy-policy-tutorial\">Suggested text: <\/strong>If you have an account on this site, or have left comments, you can request to receive an exported file of the personal data we hold about you, including any data you have provided to us. You can also request that we erase any personal data we hold about you. This does not include any data we are obliged to keep for administrative, legal, or security purposes.<\/p><!-- \/wp:paragraph --><!-- wp:heading --><h2>Where your data is sent<\/h2><!-- \/wp:heading --><!-- wp:paragraph --><p><strong class=\"privacy-policy-tutorial\">Suggested text: <\/strong>Visitor comments may be checked through an automated spam detection service.<\/p><!-- \/wp:paragraph -->","_et_gb_content_width":"","footnotes":""},"class_list":["post-3","page","type-page","status-publish","hentry"],"yoast_head":"<!-- This site is optimized with the Yoast SEO plugin v23.8 - https:\/\/yoast.com\/wordpress\/plugins\/seo\/ -->\n<title>Privacy Policy - Los 20 Pilares. Casa Rural<\/title>\n<meta name=\"robots\" content=\"index, follow, max-snippet:-1, max-image-preview:large, max-video-preview:-1\" \/>\n<link rel=\"canonical\" href=\"https:\/\/los20pilares.com\/index.php\/privacy-policy\/\" \/>\n<meta property=\"og:locale\" content=\"es_ES\" \/>\n<meta property=\"og:type\" content=\"article\" \/>\n<meta property=\"og:title\" content=\"Privacy Policy - Los 20 Pilares. Casa Rural\" \/>\n<meta property=\"og:description\" content=\"Pol\u00edtica de privacidadactualizada por \u00faltima vez el 18 de septiembre de 2023Fecha de entrada en vigor 18 de septiembre de 2023 Esta Pol\u00edtica de Privacidad describe las pol\u00edticas de Los 20 Pilares, Carretera A-373 km 32, Ubrique, C\u00e1diz 11.600, Espa\u00f1a, correo electr\u00f3nico: reservas@los20pilares.com, tel\u00e9fono: 647773173 sobre la recopilaci\u00f3n, uso y divulgaci\u00f3n de su informaci\u00f3n que [&hellip;]\" \/>\n<meta property=\"og:url\" content=\"https:\/\/los20pilares.com\/index.php\/privacy-policy\/\" \/>\n<meta property=\"og:site_name\" content=\"Los 20 Pilares. Casa Rural\" \/>\n<meta property=\"article:modified_time\" content=\"2023-09-18T17:12:45+00:00\" \/>\n<meta name=\"twitter:card\" content=\"summary_large_image\" \/>\n<meta name=\"twitter:label1\" content=\"Tiempo de lectura\" \/>\n\t<meta name=\"twitter:data1\" content=\"5 minutos\" \/>\n<script type=\"application\/ld+json\" class=\"yoast-schema-graph\">{\"@context\":\"https:\/\/schema.org\",\"@graph\":[{\"@type\":\"WebPage\",\"@id\":\"https:\/\/los20pilares.com\/index.php\/privacy-policy\/\",\"url\":\"https:\/\/los20pilares.com\/index.php\/privacy-policy\/\",\"name\":\"Privacy Policy - Los 20 Pilares. Casa Rural\",\"isPartOf\":{\"@id\":\"https:\/\/los20pilares.com\/#website\"},\"datePublished\":\"2023-01-25T12:32:10+00:00\",\"dateModified\":\"2023-09-18T17:12:45+00:00\",\"breadcrumb\":{\"@id\":\"https:\/\/los20pilares.com\/index.php\/privacy-policy\/#breadcrumb\"},\"inLanguage\":\"es\",\"potentialAction\":[{\"@type\":\"ReadAction\",\"target\":[\"https:\/\/los20pilares.com\/index.php\/privacy-policy\/\"]}]},{\"@type\":\"BreadcrumbList\",\"@id\":\"https:\/\/los20pilares.com\/index.php\/privacy-policy\/#breadcrumb\",\"itemListElement\":[{\"@type\":\"ListItem\",\"position\":1,\"name\":\"Portada\",\"item\":\"https:\/\/los20pilares.com\/\"},{\"@type\":\"ListItem\",\"position\":2,\"name\":\"Privacy Policy\"}]},{\"@type\":\"WebSite\",\"@id\":\"https:\/\/los20pilares.com\/#website\",\"url\":\"https:\/\/los20pilares.com\/\",\"name\":\"Los 20 Pilares. Casa Rural\",\"description\":\"Alquiler vacacional sierra de C\u00e1diz\",\"publisher\":{\"@id\":\"https:\/\/los20pilares.com\/#\/schema\/person\/6b2c4502a3addc41a21f53df32e12eb3\"},\"potentialAction\":[{\"@type\":\"SearchAction\",\"target\":{\"@type\":\"EntryPoint\",\"urlTemplate\":\"https:\/\/los20pilares.com\/?s={search_term_string}\"},\"query-input\":{\"@type\":\"PropertyValueSpecification\",\"valueRequired\":true,\"valueName\":\"search_term_string\"}}],\"inLanguage\":\"es\"},{\"@type\":[\"Person\",\"Organization\"],\"@id\":\"https:\/\/los20pilares.com\/#\/schema\/person\/6b2c4502a3addc41a21f53df32e12eb3\",\"name\":\"Jose Antonio\",\"image\":{\"@type\":\"ImageObject\",\"inLanguage\":\"es\",\"@id\":\"https:\/\/los20pilares.com\/#\/schema\/person\/image\/\",\"url\":\"https:\/\/secure.gravatar.com\/avatar\/e0003abe5157783db4e21dc9b356b79835b95141a2d4cbad566975e3e503c180?s=96&d=mm&r=g\",\"contentUrl\":\"https:\/\/secure.gravatar.com\/avatar\/e0003abe5157783db4e21dc9b356b79835b95141a2d4cbad566975e3e503c180?s=96&d=mm&r=g\",\"caption\":\"Jose Antonio\"},\"logo\":{\"@id\":\"https:\/\/los20pilares.com\/#\/schema\/person\/image\/\"}}]}<\/script>\n<!-- \/ Yoast SEO plugin. -->","yoast_head_json":{"title":"Privacy Policy - Los 20 Pilares. Casa Rural","robots":{"index":"index","follow":"follow","max-snippet":"max-snippet:-1","max-image-preview":"max-image-preview:large","max-video-preview":"max-video-preview:-1"},"canonical":"https:\/\/los20pilares.com\/index.php\/privacy-policy\/","og_locale":"es_ES","og_type":"article","og_title":"Privacy Policy - Los 20 Pilares. Casa Rural","og_description":"Pol\u00edtica de privacidadactualizada por \u00faltima vez el 18 de septiembre de 2023Fecha de entrada en vigor 18 de septiembre de 2023 Esta Pol\u00edtica de Privacidad describe las pol\u00edticas de Los 20 Pilares, Carretera A-373 km 32, Ubrique, C\u00e1diz 11.600, Espa\u00f1a, correo electr\u00f3nico: reservas@los20pilares.com, tel\u00e9fono: 647773173 sobre la recopilaci\u00f3n, uso y divulgaci\u00f3n de su informaci\u00f3n que [&hellip;]","og_url":"https:\/\/los20pilares.com\/index.php\/privacy-policy\/","og_site_name":"Los 20 Pilares. Casa Rural","article_modified_time":"2023-09-18T17:12:45+00:00","twitter_card":"summary_large_image","twitter_misc":{"Tiempo de lectura":"5 minutos"},"schema":{"@context":"https:\/\/schema.org","@graph":[{"@type":"WebPage","@id":"https:\/\/los20pilares.com\/index.php\/privacy-policy\/","url":"https:\/\/los20pilares.com\/index.php\/privacy-policy\/","name":"Privacy Policy - Los 20 Pilares. Casa Rural","isPartOf":{"@id":"https:\/\/los20pilares.com\/#website"},"datePublished":"2023-01-25T12:32:10+00:00","dateModified":"2023-09-18T17:12:45+00:00","breadcrumb":{"@id":"https:\/\/los20pilares.com\/index.php\/privacy-policy\/#breadcrumb"},"inLanguage":"es","potentialAction":[{"@type":"ReadAction","target":["https:\/\/los20pilares.com\/index.php\/privacy-policy\/"]}]},{"@type":"BreadcrumbList","@id":"https:\/\/los20pilares.com\/index.php\/privacy-policy\/#breadcrumb","itemListElement":[{"@type":"ListItem","position":1,"name":"Portada","item":"https:\/\/los20pilares.com\/"},{"@type":"ListItem","position":2,"name":"Privacy Policy"}]},{"@type":"WebSite","@id":"https:\/\/los20pilares.com\/#website","url":"https:\/\/los20pilares.com\/","name":"Los 20 Pilares. Casa Rural","description":"Alquiler vacacional sierra de C\u00e1diz","publisher":{"@id":"https:\/\/los20pilares.com\/#\/schema\/person\/6b2c4502a3addc41a21f53df32e12eb3"},"potentialAction":[{"@type":"SearchAction","target":{"@type":"EntryPoint","urlTemplate":"https:\/\/los20pilares.com\/?s={search_term_string}"},"query-input":{"@type":"PropertyValueSpecification","valueRequired":true,"valueName":"search_term_string"}}],"inLanguage":"es"},{"@type":["Person","Organization"],"@id":"https:\/\/los20pilares.com\/#\/schema\/person\/6b2c4502a3addc41a21f53df32e12eb3","name":"Jose Antonio","image":{"@type":"ImageObject","inLanguage":"es","@id":"https:\/\/los20pilares.com\/#\/schema\/person\/image\/","url":"https:\/\/secure.gravatar.com\/avatar\/e0003abe5157783db4e21dc9b356b79835b95141a2d4cbad566975e3e503c180?s=96&d=mm&r=g","contentUrl":"https:\/\/secure.gravatar.com\/avatar\/e0003abe5157783db4e21dc9b356b79835b95141a2d4cbad566975e3e503c180?s=96&d=mm&r=g","caption":"Jose Antonio"},"logo":{"@id":"https:\/\/los20pilares.com\/#\/schema\/person\/image\/"}}]}},"_links":{"self":[{"href":"https:\/\/los20pilares.com\/index.php\/wp-json\/wp\/v2\/pages\/3","targetHints":{"allow":["GET"]}}],"collection":[{"href":"https:\/\/los20pilares.com\/index.php\/wp-json\/wp\/v2\/pages"}],"about":[{"href":"https:\/\/los20pilares.com\/index.php\/wp-json\/wp\/v2\/types\/page"}],"author":[{"embeddable":true,"href":"https:\/\/los20pilares.com\/index.php\/wp-json\/wp\/v2\/users\/1"}],"replies":[{"embeddable":true,"href":"https:\/\/los20pilares.com\/index.php\/wp-json\/wp\/v2\/comments?post=3"}],"version-history":[{"count":3,"href":"https:\/\/los20pilares.com\/index.php\/wp-json\/wp\/v2\/pages\/3\/revisions"}],"predecessor-version":[{"id":302,"href":"https:\/\/los20pilares.com\/index.php\/wp-json\/wp\/v2\/pages\/3\/revisions\/302"}],"wp:attachment":[{"href":"https:\/\/los20pilares.com\/index.php\/wp-json\/wp\/v2\/media?parent=3"}],"curies":[{"name":"wp","href":"https:\/\/api.w.org\/{rel}","templated":true}]}}